{"id":14524,"date":"2025-10-21T13:36:40","date_gmt":"2025-10-21T17:36:40","guid":{"rendered":"https:\/\/lnak.net\/?post_type=organizacija&#038;p=14524"},"modified":"2025-10-21T13:36:46","modified_gmt":"2025-10-21T17:36:46","slug":"atbalss","status":"publish","type":"organizacija","link":"https:\/\/lnak.net\/en\/organizacija\/atbalss\/","title":{"rendered":"Atbalss"},"content":{"rendered":"<p><span data-olk-copy-source=\"MessageBody\">Montre\u0101las-Otavas jaukt\u0101 kora m\u0113r\u0137is ir uztur\u0113t un veicin\u0101t latvie\u0161u kora m\u0101kslas trad\u012bcijas, un stiprin\u0101t pieder\u012bbas saj\u016btu latvie\u0161u kopienai Kan\u0101d\u0101. Koris uz\u0146em jaunus dzied\u0101t\u0101jus. Koris akt\u012bvi piedal\u0101s latvie\u0161u pas\u0101kumos, un ir piedal\u012bjies visos p\u0113d\u0113jo gadu dziesmu sv\u0113tkos Kan\u0101d\u0101 un Latvij\u0101. Kori vada tr\u012bs diri\u0123enti: Andrejs V\u012btols, \u0112riks Jerumanis, un Rita Strauti\u0146a. Kora m\u0113\u0123in\u0101jumi notiek reizi ned\u0113\u013c\u0101 \u2013 parasti pirmdienas vakaros Otav\u0101 un Montre\u0101l\u0101, un da\u017eas reizes sezon\u0101 abas grupas satiekas kopm\u0113\u0123in\u0101jumos ned\u0113\u013cas nogal\u0113s Otav\u0101, Montre\u0101l\u0101 vai T\u0113rvet\u0113. Vair\u0101k inform\u0101ciju var sa\u0146emt, rakstot: Kora Otavas noda\u013cas koordin\u0101torei Ritai Skujai: <a title=\"mailto:rita.skuja.yow@gmail.com\" href=\"mailto:rita.skuja.yow@gmail.com\" data-linkindex=\"7\">rita.skuja.yow@gmail.com<\/a>\u00a0vai kora m\u0101kslinieciskajam vad\u012bt\u0101jam Andrejam V\u012btolam:\u00a0<a title=\"mailto:bruvits@gmail.com\" href=\"mailto:bruvits@gmail.com\" data-linkindex=\"8\">bruvits@gmail.com<\/a>. Vai zvanot kora diri\u0123entiem Andejam V\u012btolam: (438) 937-9140, vai Ritai Strauti\u0146ai: (647) 997-4513.<\/p>\n<p><\/span><a class=\"x_gmail-in-cell-link\" title=\"Protected by Outlook: https:\/\/www.facebook.com\/montrealas.otavas.atbalss. Click or tap to follow the link.\" href=\"https:\/\/na01.safelinks.protection.outlook.com\/?url=https%3A%2F%2Fwww.facebook.com%2Fmontrealas.otavas.atbalss&amp;data=05%7C02%7C%7Cf25fdfadc5814a94ca9d08de10b7416a%7C84df9e7fe9f640afb435aaaaaaaaaaaa%7C1%7C0%7C638966577513983561%7CUnknown%7CTWFpbGZsb3d8eyJFbXB0eU1hcGkiOnRydWUsIlYiOiIwLjAuMDAwMCIsIlAiOiJXaW4zMiIsIkFOIjoiTWFpbCIsIldUIjoyfQ%3D%3D%7C0%7C%7C%7C&amp;sdata=D9OVzVNx0BPPJIa8nNphjgBukliNyxO5%2FpgjJzmCAJw%3D&amp;reserved=0\" data-auth=\"NotApplicable\" data-linkindex=\"9\">https:\/\/www.facebook.com\/montrealas.otavas.atbalss<\/a><br \/>\n<a title=\"Protected by Outlook: https:\/\/www.latviesi.com\/organizacijas\/otavas-monrealas-latviesu-jauktais-koris-atbalss-otavas-koris. Click or tap to follow the link.\" href=\"https:\/\/na01.safelinks.protection.outlook.com\/?url=https%3A%2F%2Fwww.latviesi.com%2Forganizacijas%2Fotavas-monrealas-latviesu-jauktais-koris-atbalss-otavas-koris&amp;data=05%7C02%7C%7Cf25fdfadc5814a94ca9d08de10b7416a%7C84df9e7fe9f640afb435aaaaaaaaaaaa%7C1%7C0%7C638966577513997740%7CUnknown%7CTWFpbGZsb3d8eyJFbXB0eU1hcGkiOnRydWUsIlYiOiIwLjAuMDAwMCIsIlAiOiJXaW4zMiIsIkFOIjoiTWFpbCIsIldUIjoyfQ%3D%3D%7C0%7C%7C%7C&amp;sdata=P%2BCLInaS4CpveGY45toW%2BgLZNu9xdu%2BUcohw5k6%2BT20%3D&amp;reserved=0\" data-auth=\"NotApplicable\" data-linkindex=\"10\">https:\/\/www.latviesi.com\/organizacijas\/otavas-monrealas-latviesu-jauktais-koris-atbalss-otavas-koris<\/a><\/p>\n","protected":false},"excerpt":{"rendered":"<p>Montre\u0101las-Otavas jaukt\u0101 kora m\u0113r\u0137is ir uztur\u0113t un veicin\u0101t latvie\u0161u kora m\u0101kslas trad\u012bcijas, un stiprin\u0101t pieder\u012bbas saj\u016btu latvie\u0161u kopienai Kan\u0101d\u0101. Koris uz\u0146em jaunus dzied\u0101t\u0101jus. Koris akt\u012bvi piedal\u0101s latvie\u0161u pas\u0101kumos, un ir piedal\u012bjies visos p\u0113d\u0113jo gadu dziesmu sv\u0113tkos Kan\u0101d\u0101 un Latvij\u0101. Kori vada tr\u012bs diri\u0123enti: Andrejs V\u012btols, \u0112riks Jerumanis, un Rita Strauti\u0146a. Kora m\u0113\u0123in\u0101jumi notiek reizi ned\u0113\u013c\u0101 &hellip;<\/p>\n<p class=\"read-more\"> <a class=\"\" href=\"https:\/\/lnak.net\/en\/organizacija\/atbalss\/\"> <span class=\"screen-reader-text\">Atbalss<\/span> Read More &raquo;<\/a><\/p>\n","protected":false},"author":5759,"comment_status":"closed","ping_status":"closed","template":"","meta":{"_uag_custom_page_level_css":"","_monsterinsights_skip_tracking":false,"_monsterinsights_sitenote_active":false,"_monsterinsights_sitenote_note":"","_monsterinsights_sitenote_category":0,"site-sidebar-layout":"default","site-content-layout":"","ast-site-content-layout":"default","site-content-style":"default","site-sidebar-style":"default","ast-global-header-display":"","ast-banner-title-visibility":"","ast-main-header-display":"","ast-hfb-above-header-display":"","ast-hfb-below-header-display":"","ast-hfb-mobile-header-display":"","site-post-title":"","ast-breadcrumbs-content":"","ast-featured-img":"","footer-sml-layout":"","theme-transparent-header-meta":"","adv-header-id-meta":"","stick-header-meta":"","header-above-stick-meta":"","header-main-stick-meta":"","header-below-stick-meta":"","astra-migrate-meta-layouts":"set","ast-page-background-enabled":"default","ast-page-background-meta":{"desktop":{"background-color":"","background-image":"","background-repeat":"repeat","background-position":"center center","background-size":"auto","background-attachment":"scroll","background-type":"","background-media":"","overlay-type":"","overlay-color":"","overlay-gradient":""},"tablet":{"background-color":"","background-image":"","background-repeat":"repeat","background-position":"center center","background-size":"auto","background-attachment":"scroll","background-type":"","background-media":"","overlay-type":"","overlay-color":"","overlay-gradient":""},"mobile":{"background-color":"","background-image":"","background-repeat":"repeat","background-position":"center center","background-size":"auto","background-attachment":"scroll","background-type":"","background-media":"","overlay-type":"","overlay-color":"","overlay-gradient":""}},"ast-content-background-meta":{"desktop":{"background-color":"var(--ast-global-color-5)","background-image":"","background-repeat":"repeat","background-position":"center center","background-size":"auto","background-attachment":"scroll","background-type":"","background-media":"","overlay-type":"","overlay-color":"","overlay-gradient":""},"tablet":{"background-color":"var(--ast-global-color-5)","background-image":"","background-repeat":"repeat","background-position":"center center","background-size":"auto","background-attachment":"scroll","background-type":"","background-media":"","overlay-type":"","overlay-color":"","overlay-gradient":""},"mobile":{"background-color":"var(--ast-global-color-5)","background-image":"","background-repeat":"repeat","background-position":"center center","background-size":"auto","background-attachment":"scroll","background-type":"","background-media":"","overlay-type":"","overlay-color":"","overlay-gradient":""}}},"tags":[146],"organization-type":[138],"class_list":["post-14524","organizacija","type-organizacija","status-publish","hentry","tag-koris","organization-type-koris"],"aioseo_notices":[],"uagb_featured_image_src":[],"uagb_author_info":{"display_name":"Atbalss","author_link":"https:\/\/lnak.net\/en\/author\/atbalss\/"},"uagb_comment_info":0,"uagb_excerpt":"Montre\u0101las-Otavas jaukt\u0101 kora m\u0113r\u0137is ir uztur\u0113t un veicin\u0101t latvie\u0161u kora m\u0101kslas trad\u012bcijas, un stiprin\u0101t pieder\u012bbas saj\u016btu latvie\u0161u kopienai Kan\u0101d\u0101. Koris uz\u0146em jaunus dzied\u0101t\u0101jus. Koris akt\u012bvi piedal\u0101s latvie\u0161u pas\u0101kumos, un ir piedal\u012bjies visos p\u0113d\u0113jo gadu dziesmu sv\u0113tkos Kan\u0101d\u0101 un Latvij\u0101. Kori vada tr\u012bs diri\u0123enti: Andrejs V\u012btols, \u0112riks Jerumanis, un Rita Strauti\u0146a. Kora m\u0113\u0123in\u0101jumi notiek reizi ned\u0113\u013c\u0101&hellip;","_links":{"self":[{"href":"https:\/\/lnak.net\/en\/wp-json\/wp\/v2\/organizacija\/14524","targetHints":{"allow":["GET"]}}],"collection":[{"href":"https:\/\/lnak.net\/en\/wp-json\/wp\/v2\/organizacija"}],"about":[{"href":"https:\/\/lnak.net\/en\/wp-json\/wp\/v2\/types\/organizacija"}],"author":[{"embeddable":true,"href":"https:\/\/lnak.net\/en\/wp-json\/wp\/v2\/users\/5759"}],"replies":[{"embeddable":true,"href":"https:\/\/lnak.net\/en\/wp-json\/wp\/v2\/comments?post=14524"}],"wp:attachment":[{"href":"https:\/\/lnak.net\/en\/wp-json\/wp\/v2\/media?parent=14524"}],"wp:term":[{"taxonomy":"post_tag","embeddable":true,"href":"https:\/\/lnak.net\/en\/wp-json\/wp\/v2\/tags?post=14524"},{"taxonomy":"organization-type","embeddable":true,"href":"https:\/\/lnak.net\/en\/wp-json\/wp\/v2\/organization-type?post=14524"}],"curies":[{"name":"wp","href":"https:\/\/api.w.org\/{rel}","templated":true}]}}